{"id":47,"date":"2020-11-03T16:51:41","date_gmt":"2020-11-03T16:51:41","guid":{"rendered":"https:\/\/asebioevents.com\/agrobiotecnologia\/?page_id=47"},"modified":"2020-11-03T22:49:12","modified_gmt":"2020-11-03T22:49:12","slug":"biospain","status":"publish","type":"page","link":"https:\/\/asebioevents.com\/green\/biospain\/","title":{"rendered":"Biospain 2021"},"content":{"rendered":"[mk_page_section bg_image=\u00bbhttps:\/\/asebioevents.com\/green\/wp-content\/uploads\/sites\/3\/2020\/11\/biospain2020_banner-728&#215;90-1.jpg\u00bb bg_position=\u00bbright bottom\u00bb bg_repeat=\u00bbno-repeat\u00bb bg_stretch=\u00bbtrue\u00bb video_color_mask=\u00bb#000000&#8243; min_height=\u00bb275&#8243; full_width=\u00bbtrue\u00bb sidebar=\u00bbsidebar-1&#8243;][vc_column][mk_padding_divider size=\u00bb78&#8243;][mk_padding_divider size=\u00bb20&#8243;][vc_column_text css=\u00bb.vc_custom_1604422468488{margin-bottom: 0px !important;}\u00bb]\n<h1 style=\"text-align: center;\"><span style=\"color: #ffffff;\">BIOSPAIN 2021<\/span><\/h1>\n[\/vc_column_text][\/vc_column][\/mk_page_section][mk_page_section sidebar=\u00bbsidebar-1&#8243;][vc_column][mk_padding_divider][vc_row_inner][vc_column_inner width=\u00bb1\/4&#8243;][mk_padding_divider][vc_single_image image=\u00bb792&#8243; img_size=\u00bbmedium\u00bb alignment=\u00bbright\u00bb][\/vc_column_inner][vc_column_inner width=\u00bb3\/4&#8243;][mk_padding_divider][vc_column_text css=\u00bb.vc_custom_1604441458630{margin-bottom: 0px !important;}\u00bb]\n<h2><span style=\"color: #339966;\">El a\u00f1o que viene tenemos una cita en BIOSPAIN, \u00a1no te lo pierdas!<\/span><\/h2>\n<p><strong>La Asociaci\u00f3n Espa\u00f1ola de Bioempresas (Asebio) junto a SODENA &#8211; Gobierno de Navarra, organiza la pr\u00f3xima edici\u00f3n de BIOSPAIN del 29 de Septiembre al 1 de Octubre de 2021 en Pamplona.<\/strong><\/p>\n<p>BIOSPAIN es el evento de referencia en el sector biotecnol\u00f3gico espa\u00f1ol, una cita que atrae cada dos a\u00f1os a m\u00e1s de 1.500 profesionales de 800 empresas procedentes de 30 pa\u00edses de todo el mundo. Estas cifras y sus m\u00e1s de 3.300 reuniones 1:1 lo situan como uno de los mayores eventos de biotecnolog\u00eda de Europa<\/p>\n<p>La feria contar\u00e1 con una exposici\u00f3n comercial, sesiones plenarias, un foro de inversores, as\u00ed como encuentros empresariales bilaterales entre profesionales de empresas biotecnol\u00f3gicas, farmac\u00e9uticas, institutos de investigaci\u00f3n, universidades y cl\u00fasteres.<\/p>\n<p>La biotecnolog\u00eda verde tambi\u00e9n estar\u00e1 presente en BIOSPAIN con un completo programa de conferencias que avanzar\u00e1 en las tem\u00e1ticas introducidas en el AseBio Green Innovation Forum, como el cambio clim\u00e1tico, agricultura innovadora, bioeconom\u00eda circular o transformaci\u00f3n industrial.<\/p>\n<p>M\u00e1s saber m\u00e1s sobre el evento y c\u00f3mo participar:\u00a0<span style=\"color: #339966;\"><strong> <a style=\"color: #339966;\" href=\"http:\/\/www.biospain2021.org\">www.biospain2021.org<\/a><\/strong><\/span>[\/vc_column_text][\/vc_column_inner][\/vc_row_inner][vc_row_inner][vc_column_inner width=\u00bb1\/4&#8243;][mk_padding_divider][vc_single_image image=\u00bb794&#8243; img_size=\u00bbmedium\u00bb][\/vc_column_inner][vc_column_inner width=\u00bb3\/4&#8243;][mk_padding_divider][vc_column_text css=\u00bb.vc_custom_1604441471174{margin-bottom: 0px !important;}\u00bb]<strong>SODENA &#8211; Sociedad de Desarrollo de Navarra, S.L.<\/strong> es el instrumento financiero del Gobierno de Navarra para el impulso de proyectos empresariales en la Comunidad Foral.<\/p>\n<p>Participa activa y significativamente en proyectos empresariales, en sus distintas fases, contribuyendo al desarrollo equilibrado y sostenido de Navarra. Se constituy\u00f3 el a\u00f1o 1984 como entidad de Capital Riesgo y est\u00e1 participada mayoritariamente por el Gobierno de Navarra.<\/p>\n<p>La misi\u00f3n de Sodena es \u201ccaptar, identificar e impulsar la generaci\u00f3n y desarrollo de proyectos empresariales para Navarra, tanto de origen local como atra\u00eddos del exterior mediante el empleo de herramientas financieras, principalmente el Capital Riesgo\u201d. En definitiva, Sodena trabaja para que ning\u00fan proyecto viable de la Comunidad Foral de Navarra deje de ver la luz por falta de financiaci\u00f3n.<\/p>\n<p>Conoce m\u00e1s sobre SODENA en: <strong><span style=\"color: #339966;\"><a style=\"color: #339966;\" href=\"http:\/\/www.sodena.com\">www.sodena.com<\/a><\/span><\/strong>[\/vc_column_text][\/vc_column_inner][\/vc_row_inner][vc_row_inner][vc_column_inner width=\u00bb1\/4&#8243;][mk_padding_divider][vc_column_text css=\u00bb.vc_custom_1604441875625{margin-bottom: 0px !important;}\u00bb]\n<h1 style=\"text-align: center;\"><strong><span style=\"color: #ff0000;\">NAVARRA<\/span><\/strong><\/h1>\n[\/vc_column_text][\/vc_column_inner][vc_column_inner width=\u00bb3\/4&#8243;][mk_padding_divider][vc_column_text css=\u00bb.vc_custom_1604441783780{margin-bottom: 0px !important;}\u00bb]Seg\u00fan el Informe Asebio 2018, el n\u00famero de empresas navarras con dedicaci\u00f3n principal a la biotecnolog\u00eda ha mantenido, durante el 2017, una ligera tendencia creciente. La intensidad empresarial biotecnol\u00f3gica de Navarra es la mayor de toda Espa\u00f1a, siendo de 1,16 compa\u00f1\u00edas por cada 1.000 empresas, seguida de el Pa\u00eds Vasco con 0,8 y Catalu\u00f1a con 0,64.<\/p>\n<p>Seg\u00fan los \u00faltimos datos disponibles, la Comunidad Foral aporta al ecosistema biotecnol\u00f3gico\u00a0 espa\u00f1ol 68 empresas con una facturaci\u00f3n total de 659M\u20ac.[\/vc_column_text][\/vc_column_inner][\/vc_row_inner][vc_row_inner][vc_column_inner width=\u00bb1\/4&#8243;][mk_padding_divider][vc_column_text css=\u00bb.vc_custom_1604443715293{margin-bottom: 0px !important;}\u00bb]\n<p style=\"text-align: center;\"><strong>L\u00edder en Agroalimentaci\u00f3n<\/strong><\/p>\n[\/vc_column_text][\/vc_column_inner][vc_column_inner width=\u00bb3\/4&#8243;][mk_padding_divider][vc_column_text css=\u00bb.vc_custom_1604442106362{margin-bottom: 0px !important;}\u00bb]Ubicado en el coraz\u00f3n del Valle del Ebro, tiene un volumen de negocio de 3.000 millones de euros y 900 millones de euros m\u00e1s en el sector primario.\u00a0 Es uno de los sectores m\u00e1s importantes y de larga tradici\u00f3n en nuestra regi\u00f3n. Compuesto por m\u00e1s de 1.270 empresas y 25.000 empleados. Supone el 6.6% del PIB regional y el 14% del PIB industrial de la regi\u00f3n.<\/p>\n<p>Cuatro centros de investigaci\u00f3n especializados:<\/p>\n<ul>\n<li><strong>INTIA Instituto Navarro de Tecnolog\u00edas e Infraestructuras Agroalimentarias<\/strong> centrado en la actividad investigadora de agricultura y ganader\u00eda y con infraestructuras especializadas en vino y leche<\/li>\n<li><strong>CNTA Centro Nacional de Tecnolog\u00eda y Seguridad Alimentaria<\/strong>, ofrece servicios tecnol\u00f3gicos avanzados para empresas e instituciones del sector agro: Asistencia t\u00e9cnica, investigaci\u00f3n y desarrollo, control de en calidad de seguridad alimentaria y formaci\u00f3n.<\/li>\n<li><strong>Departamento de Ciencias de Alimentaci\u00f3n de la Universidad de Navarra<\/strong>. La larga experiencia de esta universidad en el desarrollo farmac\u00e9utico es directamente aplicable a investigaci\u00f3n nutricional, constituyendo una plataforma multinacional para cubrir todo el proceso necesario para el desarrollo de comida funcional y nutricional.<\/li>\n<li><strong>IDAB Instituto de Agrobiotecnolog\u00eda<\/strong> perteneciente al centro de la Universidad P\u00fablica de Navarra. Se centra en la investigaci\u00f3n agroabiotecnologicas de las \u00e1reas de la biomedicina.<\/li>\n<\/ul>\n[\/vc_column_text][\/vc_column_inner][\/vc_row_inner][vc_row_inner][vc_column_inner width=\u00bb1\/4&#8243;][mk_padding_divider][vc_column_text css=\u00bb.vc_custom_1604442173158{margin-bottom: 0px !important;}\u00bb]\n<p style=\"text-align: center;\"><strong>Referente en Energ\u00edas Renovables<\/strong><\/p>\n[\/vc_column_text][\/vc_column_inner][vc_column_inner width=\u00bb3\/4&#8243;][mk_padding_divider][vc_column_text css=\u00bb.vc_custom_1604442403003{margin-bottom: 0px !important;}\u00bb]El Gobierno de Navarra ha trabajado intensamente para desarrollar los recursos renovables a trav\u00e9s de pol\u00edticas de apoyo. En 2004, el Gobierno de Navarra fue galardonado con el Premio de la Uni\u00f3n Europea por la Mejor Pol\u00edtica Regional para promover fuentes de energ\u00eda renovables.<\/p>\n<p>Navarra es tambi\u00e9n es referente en I+D, contando con el\u00a0<strong>CENER,\u00a0 el Centro Nacional de Energ\u00edas Renovables<\/strong>, especializado en la investigaci\u00f3n aplicada y en el desarrollo y la promoci\u00f3n de las energ\u00edas renovables.[\/vc_column_text][\/vc_column_inner][\/vc_row_inner][\/vc_column][\/mk_page_section]\n","protected":false},"excerpt":{"rendered":"<p>[mk_page_section bg_image=\u00bbhttps:\/\/asebioevents.com\/green\/wp-content\/uploads\/sites\/3\/2020\/11\/biospain2020_banner-728&#215;90-1.jpg\u00bb bg_position=\u00bbright bottom\u00bb bg_repeat=\u00bbno-repeat\u00bb bg_stretch=\u00bbtrue\u00bb video_color_mask=\u00bb#000000&#8243; min_height=\u00bb275&#8243; full_width=\u00bbtrue\u00bb sidebar=\u00bbsidebar-1&#8243;][vc_column][mk_padding_divider size=\u00bb78&#8243;][mk_padding_divider size=\u00bb20&#8243;][vc_column_text css=\u00bb.vc_custom_1604422468488{margin-bottom: 0px !important;}\u00bb] BIOSPAIN 2021 [\/vc_column_text][\/vc_column][\/mk_page_section][mk_page_section sidebar=\u00bbsidebar-1&#8243;][vc_column][mk_padding_divider][vc_row_inner][vc_column_inner width=\u00bb1\/4&#8243;][mk_padding_divider][vc_single_image image=\u00bb792&#8243; img_size=\u00bbmedium\u00bb alignment=\u00bbright\u00bb][\/vc_column_inner][vc_column_inner width=\u00bb3\/4&#8243;][mk_padding_divider][vc_column_text css=\u00bb.vc_custom_1604441458630{margin-bottom: 0px !important;}\u00bb] El a\u00f1o que viene tenemos una cita en BIOSPAIN, \u00a1no te lo pierdas! La Asociaci\u00f3n Espa\u00f1ola de Bioempresas (Asebio) junto a SODENA &#8211; Gobierno de Navarra, organiza la [&hellip;]<\/p>\n","protected":false},"author":1,"featured_media":0,"parent":0,"menu_order":0,"comment_status":"closed","ping_status":"closed","template":"","meta":{"_mi_skip_tracking":false},"_links":{"self":[{"href":"https:\/\/asebioevents.com\/green\/wp-json\/wp\/v2\/pages\/47"}],"collection":[{"href":"https:\/\/asebioevents.com\/green\/wp-json\/wp\/v2\/pages"}],"about":[{"href":"https:\/\/asebioevents.com\/green\/wp-json\/wp\/v2\/types\/page"}],"author":[{"embeddable":true,"href":"https:\/\/asebioevents.com\/green\/wp-json\/wp\/v2\/users\/1"}],"replies":[{"embeddable":true,"href":"https:\/\/asebioevents.com\/green\/wp-json\/wp\/v2\/comments?post=47"}],"version-history":[{"count":6,"href":"https:\/\/asebioevents.com\/green\/wp-json\/wp\/v2\/pages\/47\/revisions"}],"predecessor-version":[{"id":800,"href":"https:\/\/asebioevents.com\/green\/wp-json\/wp\/v2\/pages\/47\/revisions\/800"}],"wp:attachment":[{"href":"https:\/\/asebioevents.com\/green\/wp-json\/wp\/v2\/media?parent=47"}],"curies":[{"name":"wp","href":"https:\/\/api.w.org\/{rel}","templated":true}]}}